{"id":41,"date":"2018-08-01T00:19:30","date_gmt":"2018-07-31T22:19:30","guid":{"rendered":"http:\/\/kbs-wiesbaden.de.w01409b0.kasserver.com\/cms\/?page_id=41"},"modified":"2025-04-23T16:34:58","modified_gmt":"2025-04-23T14:34:58","slug":"stadtteilbuero-2","status":"publish","type":"page","link":"https:\/\/kbs-wiesbaden.de\/cms\/?page_id=41","title":{"rendered":"Stadtteilb\u00fcro"},"content":{"rendered":"\n<div class=\"wp-block-group\"><div class=\"wp-block-group__inner-container is-layout-flow wp-block-group-is-layout-flow\">\n<p>Im Stadtteilb\u00fcro erhalten sie Hilfe bei allen Fragen, die ihre Lebenssituation und den Stadtteil betreffen.<br>Hier finden sie die Gesch\u00e4ftsf\u00fchrung, Verwaltung, Ansprechpartner:innen f\u00fcr die Bereiche KiEZ, 50+Angebote, Projekte, Feste und Veranstaltungen, SauerlandRunde, Sauerland-Post und vieles mehr<\/p>\n\n\n\n<p class=\"has-black-color has-luminous-vivid-amber-background-color has-text-color has-background has-small-font-size\">Kontakt<\/p>\n\n\n<div class=\"wp-block-image is-style-default\">\n<figure class=\"alignleft\"><a href=\"https:\/\/kbs-wiesbaden.de\/cms\/wp-content\/uploads\/2019\/07\/Hintergrund_Christine-ns_01.jpg\"><img loading=\"lazy\" decoding=\"async\" width=\"300\" height=\"200\" src=\"https:\/\/kbs-wiesbaden.de\/cms\/wp-content\/uploads\/2019\/07\/Hintergrund_Christine-ns_01-300x200.jpg\" alt=\"\" class=\"wp-image-4878\" srcset=\"https:\/\/kbs-wiesbaden.de\/cms\/wp-content\/uploads\/2019\/07\/Hintergrund_Christine-ns_01-300x200.jpg 300w, https:\/\/kbs-wiesbaden.de\/cms\/wp-content\/uploads\/2019\/07\/Hintergrund_Christine-ns_01-768x512.jpg 768w, https:\/\/kbs-wiesbaden.de\/cms\/wp-content\/uploads\/2019\/07\/Hintergrund_Christine-ns_01-1024x683.jpg 1024w, https:\/\/kbs-wiesbaden.de\/cms\/wp-content\/uploads\/2019\/07\/Hintergrund_Christine-ns_01-390x260.jpg 390w, https:\/\/kbs-wiesbaden.de\/cms\/wp-content\/uploads\/2019\/07\/Hintergrund_Christine-ns_01-520x347.jpg 520w, https:\/\/kbs-wiesbaden.de\/cms\/wp-content\/uploads\/2019\/07\/Hintergrund_Christine-ns_01-740x493.jpg 740w\" sizes=\"auto, (max-width: 300px) 100vw, 300px\" \/><\/a><\/figure>\n<\/div>\n\n\n<p class=\"has-black-color has-cyan-bluish-gray-background-color has-text-color has-background\"><strong>Christine Gilberg<\/strong><\/p>\n\n\n\n<p><strong><em>Gesch\u00e4ftsf\u00fchrerin<\/em><\/strong><\/p>\n\n\n\n<p><strong>Telefon<\/strong>: 0611 \/ 20517-10<\/p>\n\n\n\n<p><a href=\"mailto:christine.gilberg@ekhn.de\"><strong>E-Mail<\/strong><\/a>: christine.gilberg[\u00e4t]ekhn.de<\/p>\n\n\n\n<p><\/p>\n\n\n\n<hr class=\"wp-block-separator has-alpha-channel-opacity is-style-dots\"\/>\n\n\n<div class=\"wp-block-image is-style-default\">\n<figure class=\"alignleft\"><img decoding=\"async\" src=\"https:\/\/kbs-wiesbaden.de\/cms\/wp-content\/uploads\/2019\/07\/Hintergrund_Petra-ns_01-300x200.jpg\" alt=\"\"\/><\/figure>\n<\/div>\n\n\n<p><strong>Petra Ebeling<\/strong><br><em><strong>stellv. Gesch\u00e4ftsf\u00fchrerin<\/strong><\/em><br><strong>50+Angebote, soziale Beratung<br>Projekte im Stadtteil, Aktionen von und mit Anwohnern<\/strong><br><strong>Telefon<\/strong>: 0611 \/ 20517-11<\/p>\n\n\n\n<p><a href=\"mailto:petra.ebeling@ekhn.de\"><strong>E-Mail<\/strong><\/a>: petra.ebeling[\u00e4t]ekhn.de<\/p>\n\n\n\n<hr class=\"wp-block-separator has-alpha-channel-opacity is-style-dots\"\/>\n\n\n<div class=\"wp-block-image is-style-default\">\n<figure class=\"alignleft\"><a href=\"https:\/\/kbs-wiesbaden.de\/cms\/wp-content\/uploads\/2019\/07\/Hintergrund_Jan-ns_01.jpg\"><img loading=\"lazy\" decoding=\"async\" width=\"300\" height=\"200\" src=\"https:\/\/kbs-wiesbaden.de\/cms\/wp-content\/uploads\/2019\/07\/Hintergrund_Jan-ns_01-300x200.jpg\" alt=\"\" class=\"wp-image-4880\" srcset=\"https:\/\/kbs-wiesbaden.de\/cms\/wp-content\/uploads\/2019\/07\/Hintergrund_Jan-ns_01-300x200.jpg 300w, https:\/\/kbs-wiesbaden.de\/cms\/wp-content\/uploads\/2019\/07\/Hintergrund_Jan-ns_01-768x512.jpg 768w, https:\/\/kbs-wiesbaden.de\/cms\/wp-content\/uploads\/2019\/07\/Hintergrund_Jan-ns_01-1024x683.jpg 1024w, https:\/\/kbs-wiesbaden.de\/cms\/wp-content\/uploads\/2019\/07\/Hintergrund_Jan-ns_01-390x260.jpg 390w, https:\/\/kbs-wiesbaden.de\/cms\/wp-content\/uploads\/2019\/07\/Hintergrund_Jan-ns_01-520x347.jpg 520w, https:\/\/kbs-wiesbaden.de\/cms\/wp-content\/uploads\/2019\/07\/Hintergrund_Jan-ns_01-740x493.jpg 740w\" sizes=\"auto, (max-width: 300px) 100vw, 300px\" \/><\/a><\/figure>\n<\/div>\n\n\n<p><strong>Jan Matous<\/strong><br><strong>KiEZ<\/strong> <strong>Verantwortlicher<\/strong><br><strong>Leitung<\/strong> <strong>der Besch\u00e4ftigungsinitiative Sauerland<\/strong> (<strong>BIS<\/strong>)<br><\/p>\n\n\n\n<p><strong>Telefon<\/strong>: 0611 \/&nbsp;20517-13<br><a href=\"mailto:jan.matous@ekhn.de\"><strong>E-Mail<\/strong><\/a>: jan.matous[\u00e4t]ekhn.de<\/p>\n\n\n\n<hr class=\"wp-block-separator has-alpha-channel-opacity is-style-dots\"\/>\n\n\n<div class=\"wp-block-image is-style-default\">\n<figure class=\"alignleft is-resized\"><img loading=\"lazy\" decoding=\"async\" width=\"150\" height=\"150\" src=\"https:\/\/kbs-wiesbaden.de\/cms\/wp-content\/uploads\/2022\/08\/2020-06-02-Zuzana-Karaffova-150x150.jpg\" alt=\"\" class=\"wp-image-8827\" style=\"width:183px;height:183px\"\/><\/figure>\n<\/div>\n\n\n<p><strong>&nbsp; Zuzana Karaffova<\/strong><\/p>\n\n\n\n<p>&nbsp; <strong>50+Angebote<br>&nbsp; KiEZ<\/strong><\/p>\n\n\n\n<p><strong>&nbsp; Telefon<\/strong>: 0611 \/ 20517-13<\/p>\n\n\n\n<p><a href=\"mailto:jan.matous@ekhn.de\"><strong>E-<\/strong><\/a><strong><a href=\"mailto:zuzana.karaffova@ekhn.de\">Mail<\/a><\/strong>: zuzana.karaffova[\u00e4t]ekhn.de<\/p>\n\n\n\n<hr class=\"wp-block-separator has-alpha-channel-opacity is-style-dots\"\/>\n\n\n<div class=\"wp-block-image is-style-default\">\n<figure class=\"alignleft size-full is-resized\"><img loading=\"lazy\" decoding=\"async\" width=\"682\" height=\"682\" src=\"https:\/\/kbs-wiesbaden.de\/cms\/wp-content\/uploads\/2023\/08\/image-1-edited.jpeg\" alt=\"\" class=\"wp-image-9827\" style=\"object-fit:cover;width:185px;height:185px\" srcset=\"https:\/\/kbs-wiesbaden.de\/cms\/wp-content\/uploads\/2023\/08\/image-1-edited.jpeg 682w, https:\/\/kbs-wiesbaden.de\/cms\/wp-content\/uploads\/2023\/08\/image-1-edited-300x300.jpeg 300w, https:\/\/kbs-wiesbaden.de\/cms\/wp-content\/uploads\/2023\/08\/image-1-edited-150x150.jpeg 150w, https:\/\/kbs-wiesbaden.de\/cms\/wp-content\/uploads\/2023\/08\/image-1-edited-520x520.jpeg 520w\" sizes=\"auto, (max-width: 682px) 100vw, 682px\" \/><\/figure>\n<\/div>\n\n\n<p><strong>Lukas Heun<\/strong><\/p>\n\n\n\n<p class=\"has-text-align-left\"><strong>Schuldnerberatung<\/strong>, <strong>Soziale Beratung<\/strong> (Hilfe bei Formularen &amp; Briefen, Arbeitslosengeld II, Sozialhilfe, Grundsicherung, &#8230;)<\/p>\n\n\n\n<p><strong>Telefon<\/strong>: 0611 \/ 20517-12<\/p>\n\n\n\n<p class=\"has-text-align-left\"><a href=\"mailto:lukas.heun@ekhn.de\"><strong>E-Mail<\/strong><\/a>: lukas.heun[\u00e4t]ekhn.de<\/p>\n\n\n\n<hr class=\"wp-block-separator has-alpha-channel-opacity is-style-dots\"\/>\n\n\n<div class=\"wp-block-image is-style-default\">\n<figure class=\"alignleft is-resized\"><img loading=\"lazy\" decoding=\"async\" width=\"150\" height=\"150\" src=\"https:\/\/kbs-wiesbaden.de\/cms\/wp-content\/uploads\/2021\/09\/Tanja_Beitragsbild-e1661176895290-150x150.jpg\" alt=\"\" class=\"wp-image-7775\" style=\"width:169px;height:169px\"\/><\/figure>\n<\/div>\n\n\n<p><strong>Tanja Vitucci<\/strong><\/p>\n\n\n\n<p>Gemeinwesenarbeit, Soziale Beratung, Essbares Sauerland<br>Hilfe bei Formularen &amp; Briefen<\/p>\n\n\n\n<p><strong>Telefon<\/strong>: 0611 \/ 20517-14<\/p>\n\n\n\n<p class=\"has-text-align-left\"><a href=\"mailto:tanja.vitucci@ekhn.de\"><strong>E-Mail<\/strong><\/a>: tanja.vitucci[\u00e4t]ekhn.de<\/p>\n\n\n\n<hr class=\"wp-block-separator has-alpha-channel-opacity is-style-dots\"\/>\n\n\n\n<p class=\"has-black-color has-cyan-bluish-gray-background-color has-text-color has-background\"><strong>Verwaltung <\/strong><\/p>\n\n\n\n<figure class=\"wp-block-image size-large is-resized\"><img loading=\"lazy\" decoding=\"async\" width=\"576\" height=\"1024\" src=\"https:\/\/kbs-wiesbaden.de\/cms\/wp-content\/uploads\/2024\/12\/D361C2D0-1BA6-44DD-AC83-ACFD2572DA08-576x1024.jpeg\" alt=\"\" class=\"wp-image-10298\" style=\"width:237px;height:auto\" srcset=\"https:\/\/kbs-wiesbaden.de\/cms\/wp-content\/uploads\/2024\/12\/D361C2D0-1BA6-44DD-AC83-ACFD2572DA08-576x1024.jpeg 576w, https:\/\/kbs-wiesbaden.de\/cms\/wp-content\/uploads\/2024\/12\/D361C2D0-1BA6-44DD-AC83-ACFD2572DA08-169x300.jpeg 169w, https:\/\/kbs-wiesbaden.de\/cms\/wp-content\/uploads\/2024\/12\/D361C2D0-1BA6-44DD-AC83-ACFD2572DA08-768x1365.jpeg 768w, https:\/\/kbs-wiesbaden.de\/cms\/wp-content\/uploads\/2024\/12\/D361C2D0-1BA6-44DD-AC83-ACFD2572DA08-864x1536.jpeg 864w, https:\/\/kbs-wiesbaden.de\/cms\/wp-content\/uploads\/2024\/12\/D361C2D0-1BA6-44DD-AC83-ACFD2572DA08-1152x2048.jpeg 1152w, https:\/\/kbs-wiesbaden.de\/cms\/wp-content\/uploads\/2024\/12\/D361C2D0-1BA6-44DD-AC83-ACFD2572DA08-520x924.jpeg 520w, https:\/\/kbs-wiesbaden.de\/cms\/wp-content\/uploads\/2024\/12\/D361C2D0-1BA6-44DD-AC83-ACFD2572DA08-740x1316.jpeg 740w, https:\/\/kbs-wiesbaden.de\/cms\/wp-content\/uploads\/2024\/12\/D361C2D0-1BA6-44DD-AC83-ACFD2572DA08-338x600.jpeg 338w, https:\/\/kbs-wiesbaden.de\/cms\/wp-content\/uploads\/2024\/12\/D361C2D0-1BA6-44DD-AC83-ACFD2572DA08.jpeg 1242w\" sizes=\"auto, (max-width: 576px) 100vw, 576px\" \/><figcaption class=\"wp-element-caption\"><strong>Swetlana Bowkun<\/strong><\/figcaption><\/figure>\n\n\n\n<figure class=\"wp-block-image size-full is-resized\"><img loading=\"lazy\" decoding=\"async\" width=\"683\" height=\"720\" src=\"https:\/\/kbs-wiesbaden.de\/cms\/wp-content\/uploads\/2024\/12\/image-1.png\" alt=\"\" class=\"wp-image-10961\" style=\"width:224px;height:auto\" srcset=\"https:\/\/kbs-wiesbaden.de\/cms\/wp-content\/uploads\/2024\/12\/image-1.png 683w, https:\/\/kbs-wiesbaden.de\/cms\/wp-content\/uploads\/2024\/12\/image-1-285x300.png 285w, https:\/\/kbs-wiesbaden.de\/cms\/wp-content\/uploads\/2024\/12\/image-1-520x548.png 520w, https:\/\/kbs-wiesbaden.de\/cms\/wp-content\/uploads\/2024\/12\/image-1-569x600.png 569w\" sizes=\"auto, (max-width: 683px) 100vw, 683px\" \/><\/figure>\n\n\n\n<p><strong>Susanne Mohr<\/strong><\/p>\n\n\n\n<p><strong>Telefon:<\/strong> 0611 \/ 20517-0<\/p>\n\n\n\n<p><strong>Fax<\/strong> 0611 \/ 20517-15<\/p>\n\n\n\n<p><a href=\"mailto:kbs.verwaltung.wiesbaden@ekhn.de\">E-Mail:<\/a><strong>:<\/strong> kbs.verwaltung.wiesbaden[\u00e4t]ekhn.de<\/p>\n\n\n\n<p>Montag &#8211; Freitag: 08.00 Uhr \u2013 14.00 Uhr (Kernzeiten)<\/p>\n\n\n\n<hr class=\"wp-block-separator has-alpha-channel-opacity\"\/>\n\n\n\n<p class=\"has-black-color has-cyan-bluish-gray-background-color has-text-color has-background\"><strong>Allgemeine B\u00fcrozeiten:&nbsp;<\/strong><\/p>\n\n\n\n<p>Montag &#8211; Freitag: 08.00 Uhr \u2013 14 Uhr<br>pers\u00f6nliche Beratung und Gespr\u00e4chstermine nach Vereinbarung<\/p>\n\n\n\n<hr class=\"wp-block-separator has-alpha-channel-opacity\"\/>\n<\/div><\/div>\n","protected":false},"excerpt":{"rendered":"<p>Im Stadtteilb\u00fcro erhalten sie Hilfe bei allen Fragen, die ihre Lebenssituation und den Stadtteil betreffen.Hier finden sie die Gesch\u00e4ftsf\u00fchrung, Verwaltung, Ansprechpartner:innen f\u00fcr die Bereiche KiEZ, 50+Angebote, Projekte, Feste und Veranstaltungen, SauerlandRunde, Sauerland-Post und vieles mehr<a class=\"read-more\" href=\"https:\/\/kbs-wiesbaden.de\/cms\/?page_id=41\">&#8230; lesen Sie mehr.<\/a><\/p>\n","protected":false},"author":1,"featured_media":3786,"parent":0,"menu_order":0,"comment_status":"closed","ping_status":"closed","template":"","meta":{"advanced_seo_description":"","jetpack_seo_html_title":"","jetpack_seo_noindex":false,"two_page_speed":[],"footnotes":""},"categories":[95],"tags":[],"class_list":["post-41","page","type-page","status-publish","has-post-thumbnail","hentry","category-corona-kreativ"],"jetpack_sharing_enabled":true,"_links":{"self":[{"href":"https:\/\/kbs-wiesbaden.de\/cms\/index.php?rest_route=\/wp\/v2\/pages\/41","targetHints":{"allow":["GET"]}}],"collection":[{"href":"https:\/\/kbs-wiesbaden.de\/cms\/index.php?rest_route=\/wp\/v2\/pages"}],"about":[{"href":"https:\/\/kbs-wiesbaden.de\/cms\/index.php?rest_route=\/wp\/v2\/types\/page"}],"author":[{"embeddable":true,"href":"https:\/\/kbs-wiesbaden.de\/cms\/index.php?rest_route=\/wp\/v2\/users\/1"}],"replies":[{"embeddable":true,"href":"https:\/\/kbs-wiesbaden.de\/cms\/index.php?rest_route=%2Fwp%2Fv2%2Fcomments&post=41"}],"version-history":[{"count":57,"href":"https:\/\/kbs-wiesbaden.de\/cms\/index.php?rest_route=\/wp\/v2\/pages\/41\/revisions"}],"predecessor-version":[{"id":11027,"href":"https:\/\/kbs-wiesbaden.de\/cms\/index.php?rest_route=\/wp\/v2\/pages\/41\/revisions\/11027"}],"wp:featuredmedia":[{"embeddable":true,"href":"https:\/\/kbs-wiesbaden.de\/cms\/index.php?rest_route=\/wp\/v2\/media\/3786"}],"wp:attachment":[{"href":"https:\/\/kbs-wiesbaden.de\/cms\/index.php?rest_route=%2Fwp%2Fv2%2Fmedia&parent=41"}],"wp:term":[{"taxonomy":"category","embeddable":true,"href":"https:\/\/kbs-wiesbaden.de\/cms\/index.php?rest_route=%2Fwp%2Fv2%2Fcategories&post=41"},{"taxonomy":"post_tag","embeddable":true,"href":"https:\/\/kbs-wiesbaden.de\/cms\/index.php?rest_route=%2Fwp%2Fv2%2Ftags&post=41"}],"curies":[{"name":"wp","href":"https:\/\/api.w.org\/{rel}","templated":true}]}}